{"id":727,"date":"2014-10-16T10:19:59","date_gmt":"2014-10-16T10:19:59","guid":{"rendered":"http:\/\/www.chiaroscuro.se\/?page_id=727"},"modified":"2026-06-12T14:03:25","modified_gmt":"2026-06-12T14:03:25","slug":"fine-arts","status":"publish","type":"page","link":"https:\/\/www.chiaroscuro.se\/en\/erich-hortnagl-2\/fine-arts\/","title":{"rendered":"Fine Arts"},"content":{"rendered":"<table style=\"height: 25px; width: 100%;\">\n<tbody>\n<tr>\n<td><strong>Solo exhibitions<\/strong><\/td>\n<td>&gt;&gt;\u00a0<a href=\"https:\/\/www.chiaroscuro.se\/en\/erich-hortnagl-2\/fine-arts\/fine-arts-3\/\">Group exhibitions<\/a><\/td>\n<td>&gt;&gt;\u00a0<a href=\"http:\/\/www.chiaroscuro.se\/en\/erich-hortnagl-2\/fine-arts\/fine-arts\/fine-arts-2\/\">Commissions<\/a><\/td>\n<td>&gt;&gt;\u00a0<a href=\"https:\/\/www.chiaroscuro.se\/en\/erich-hortnagl-2\/fine-arts\/fine-arts\/\">Represented at<\/a><\/td>\n<\/tr>\n<\/tbody>\n<\/table>\n<p>&nbsp;<\/p>\n<table style=\"height: 25px; width: 100%;\">\n<tbody>\n<tr>\n<td>1972<\/td>\n<td><strong>Galleria Vipiteno, Vipiteno, Italy<\/strong><\/td>\n<\/tr>\n<tr>\n<td>1975<\/td>\n<td><strong>Galerie Basilisk, Wien,\u00a0Austria<\/strong><\/td>\n<\/tr>\n<tr>\n<td>1977<\/td>\n<td><strong>Austrian institute of culture in Rom, Italy<\/strong><\/td>\n<\/tr>\n<tr>\n<td>1985<\/td>\n<td><strong>BraB\u00f6cker-Galleriet, H\u00f6gan\u00e4s, Sweden<\/strong><\/td>\n<\/tr>\n<tr>\n<td>1986<\/td>\n<td><strong>Lilla Galleriet i Helsingborg,\u00a0Sweden (with Ewa J\u00f6nsson H\u00f6rtnagl)<\/strong><\/td>\n<\/tr>\n<tr>\n<td>1988<\/td>\n<td><strong>Gallery Sigma, Bregenz,\u00a0Austria<\/strong><\/td>\n<\/tr>\n<tr>\n<td>1989<\/td>\n<td><strong>Raiffeisen-Gallery, Steinach\/Tirol,\u00a0Austria<\/strong><\/td>\n<\/tr>\n<tr>\n<td>2010<\/td>\n<td><strong>ZeitRaum&#8221;, Gallery Artdepot, Innsbruck, Austria (with Ewa J\u00f6nsson H\u00f6rtnagl)<\/strong><\/td>\n<\/tr>\n<tr>\n<td>2012<\/td>\n<td><strong>Lilla Galleriet i Helsingborg,\u00a0Sweden<\/strong><\/td>\n<\/tr>\n<tr>\n<td>2013<\/td>\n<td><strong>Art Hall Tomarps Kungsg\u00e5rd in Kvidinge, Sweden (with Ewa J\u00f6nsson H\u00f6rtnagl)<\/strong><\/td>\n<\/tr>\n<tr>\n<td>2013<\/td>\n<td><strong>Gallery Palm, V\u00e4llingby, Sweden (with Ewa J\u00f6nsson H\u00f6rtnagl)<\/strong><\/td>\n<\/tr>\n<tr>\n<td>2016<\/td>\n<td><strong>Big retrospektive at Forum \u00d6rkelljunga, Sweden (with Ewa J\u00f6nsson H\u00f6rtnagl)<\/strong><\/td>\n<\/tr>\n<tr>\n<td>2019<\/td>\n<td><strong>Photos from the book \u201eSehnsucht Meer\u201c, at IAT (Centro Turismo) in Jesolo, Italy<\/strong><\/td>\n<\/tr>\n<tr>\n<td><\/td>\n<td><strong>Photos from the book \u201eSehnsucht Meer\u201c, in the Gallery \u201eArtdepot\u201c in Innsbruck, Austria.<\/strong><\/td>\n<\/tr>\n<tr>\n<td><\/td>\n<td><strong>Gallery \u201eGamla Staden\u201c, Landskrona, Sweden <\/strong><\/td>\n<\/tr>\n<tr>\n<td>2020<\/td>\n<td><strong>New Photo Works, Gallery \u201eGamla Staden\u201c, Landskrona, Sweden<\/strong><\/td>\n<\/tr>\n<tr>\n<td>2021<\/td>\n<td><strong>\u00d6rkelljunga Art Society, Sweden<\/strong><\/td>\n<\/tr>\n<tr>\n<td>2023<\/td>\n<td><strong>\u201emensch.natur \u2013 new photo works\u201c at Artdepot, Innsbruck, Austria<\/strong><\/td>\n<\/tr>\n<tr>\n<td>2024<\/td>\n<td><strong>\u201eto be a man\u201c at Gallery Fotoforum West, Innsbruck, Austria<\/strong><\/td>\n<\/tr>\n<tr>\n<td>2024<\/td>\n<td><strong>\u201eto be a man\u201c at Gallery Hattl\u00f6sa, F\u00f6rsl\u00f6v, Sweden<\/strong><\/td>\n<\/tr>\n<tr>\n<td>2025<\/td>\n<td style=\"vertical-align:top\"><strong>\u201eto be a man\u201c at Galeria Lia Mostra D\u00b4Ert, Ortisei, Italy<\/strong><\/td>\n<\/tr>\n<tr>\n<td>2025<\/td>\n<td style=\"vertical-align:top\"><strong>Gallery Bar(r), Malmoe, Sweden<\/strong><\/td>\n<\/tr>\n<tr>\n<td>2026<\/td>\n<td style=\"vertical-align:top\"><strong>Gallery Artportable, Karlav\u00e4gen 15, Stockholm, Sweden<\/strong><\/td>\n<\/tr>\n<tr>\n<td>2026<\/td>\n<td style=\"vertical-align:top\"><strong>Photo exibition at Gallery Hattl\u00f6sa, F\u00f6rsl\u00f6v, Sweden<\/strong><\/td>\n<\/tr>\n<tr>\n<td>2026<\/td>\n<td style=\"vertical-align:top\"><strong>Photo exibition at Gallery Bob Photo in Stockholm, Sweden<\/strong><\/td>\n<\/tr>\n<tr>\n<td>2026-27 <\/td>\n<td style=\"vertical-align:top\"><strong>Photo exibition at Gallery Bretze, Hall in Tyrol, Austria<\/strong><\/td>\n<\/tr>\n<\/tbody>\n<\/table>\n<p>&gt;&gt; <a href=\"https:\/\/www.chiaroscuro.se\/en\/erich-hortnagl-2\/\">Back<\/a><\/p>\n","protected":false},"excerpt":{"rendered":"Solo exhibitions &gt;&gt;\u00a0Group exhibitions &gt;&gt;\u00a0Commissions &gt;&gt;\u00a0Represented at &nbsp; 1972 Galleria Vipiteno, Vipiteno, Italy 1975 Galerie Basilisk, Wien,\u00a0Austria 1977 Austrian institute of culture in Rom, Italy 1985 BraB\u00f6cker-Galleriet, H\u00f6gan\u00e4s, Sweden 1986 Lilla Galleriet i Helsingborg,\u00a0Sweden (with Ewa J\u00f6nsson H\u00f6rtnagl) 1988 Gallery Sigma, Bregenz,\u00a0Austria 1989 Raiffeisen-Gallery, Steinach\/Tirol,\u00a0Austria 2010 ZeitRaum&#8221;, Gallery Artdepot, Innsbruck, Austria (with Ewa J\u00f6nsson H\u00f6rtnagl)&#8230; <a class=\"view-article\" href=\"https:\/\/www.chiaroscuro.se\/en\/erich-hortnagl-2\/fine-arts\/\">View Article<\/a>","protected":false},"author":1,"featured_media":0,"parent":639,"menu_order":0,"comment_status":"open","ping_status":"open","template":"","meta":{"footnotes":""},"class_list":["post-727","page","type-page","status-publish","hentry"],"_links":{"self":[{"href":"https:\/\/www.chiaroscuro.se\/en\/wp-json\/wp\/v2\/pages\/727","targetHints":{"allow":["GET"]}}],"collection":[{"href":"https:\/\/www.chiaroscuro.se\/en\/wp-json\/wp\/v2\/pages"}],"about":[{"href":"https:\/\/www.chiaroscuro.se\/en\/wp-json\/wp\/v2\/types\/page"}],"author":[{"embeddable":true,"href":"https:\/\/www.chiaroscuro.se\/en\/wp-json\/wp\/v2\/users\/1"}],"replies":[{"embeddable":true,"href":"https:\/\/www.chiaroscuro.se\/en\/wp-json\/wp\/v2\/comments?post=727"}],"version-history":[{"count":9,"href":"https:\/\/www.chiaroscuro.se\/en\/wp-json\/wp\/v2\/pages\/727\/revisions"}],"predecessor-version":[{"id":1616,"href":"https:\/\/www.chiaroscuro.se\/en\/wp-json\/wp\/v2\/pages\/727\/revisions\/1616"}],"up":[{"embeddable":true,"href":"https:\/\/www.chiaroscuro.se\/en\/wp-json\/wp\/v2\/pages\/639"}],"wp:attachment":[{"href":"https:\/\/www.chiaroscuro.se\/en\/wp-json\/wp\/v2\/media?parent=727"}],"curies":[{"name":"wp","href":"https:\/\/api.w.org\/{rel}","templated":true}]}}