{"id":643,"date":"2014-10-16T07:23:06","date_gmt":"2014-10-16T07:23:06","guid":{"rendered":"http:\/\/www.chiaroscuro.se\/?page_id=643"},"modified":"2026-06-12T13:59:20","modified_gmt":"2026-06-12T13:59:20","slug":"at-the-moment-2","status":"publish","type":"page","link":"https:\/\/www.chiaroscuro.se\/en\/erich-hortnagl-2\/at-the-moment-2\/","title":{"rendered":"At the moment!"},"content":{"rendered":"<p><img loading=\"lazy\" decoding=\"async\" class=\"alignnone size-full wp-image-100\" src=\"http:\/\/www.chiaroscuro.se\/wp-content\/uploads\/2014\/10\/erich_aktuellt.jpg\" alt=\"erich_aktuellt\" width=\"510\" height=\"154\" srcset=\"https:\/\/www.chiaroscuro.se\/wp-content\/uploads\/2014\/10\/erich_aktuellt.jpg 510w, https:\/\/www.chiaroscuro.se\/wp-content\/uploads\/2014\/10\/erich_aktuellt-250x75.jpg 250w, https:\/\/www.chiaroscuro.se\/wp-content\/uploads\/2014\/10\/erich_aktuellt-120x36.jpg 120w\" sizes=\"auto, (max-width: 510px) 100vw, 510px\" \/><\/p>\n<p>&#8211; 2026 Nov.-Jan27 Erich\u00b4s photo exhibition at Gallery Bretze, Hall in Tyrol, Austria<\/p>\n<p>&#8211; 2026 Aug.-Sept. Erich\u00b4s photo exhibition at Gallery Bob Photo in Stockholm, Sweden<\/p>\n<p>&#8211; 2026 May: Erich\u00b4s single exhibition at Gallery Artportable, Karlav\u00e4gen 15, Stockholm, Sweden<\/p>\n<p>&#8211; 2026 April-July\tErich participate in a group exhibition at \u201dWipptalherz\u201d, Matrei\/Br. Austria<\/p>\n<p>&#8211; 2026 March \tErich\u00b4s photo exhibition at Gallery Hattl\u00f6sa, F\u00f6rsl\u00f6v, Sweden<\/p>\n<p>&#8211; 2025 Sept.- oct.:  Erich\u00b4s single exhibition at Gallery Bar(r), Malmoe, Sweden<\/p>\n<p>&#8211; 2025 August: Ewa and Erich participate in a group exhibition at Konstf\u00f6reningen \u00d6rkelljunga, Sweden <\/p>\n<p>&#8211; 2025 June \u2013 July: \u201eto be a man\u201c, Erich\u00b4s photo exhibition at Galeria Lia Mostra D\u00b4Ert, Ortisei, Italy<\/p>\n<p>&#8211; 2025 August: The photobook \u201eUnforgettable &#8211; Unforgotten\u201c is published by the publisher DCV, Berlin, in german and english translation, with Erichs photos about \u201eremains and transience\u201d Curator: Ewa J\u00f6nsson H\u00f6rtnagl, Texts: Alois Sch\u00f6pf, Kurt H\u00f6retzeder<\/p>\n<p>&#8211; 2024 June \u2013 Aug.: \u201eto be a man\u201c, Erichs photo exhibition at Gallery Hattl\u00f6sa, F\u00f6rsl\u00f6v, Sweden<\/p>\n<p>&#8211; 2024 Febr.- March:  \u201eto be a man\u201c, Erichs photo exhibition at Gallery Fotoforum West, Innsbruck,  Austria<\/p>\n<p>&#8211; 2023 Nov. \u2013 Jan.24: \u201emensch.natur \u2013 new photo works\u201c,  Erichs photo-graphic-exhibition at Artdepot, Innsbruck, Austria<\/p>\n<p>&#8211; 2023 Nov. \u2013 Dec.: Erich participates in a group exhibition at Gallery Cowgirl, \u201dCFF-Salong\u201d, Malmoe, Sweden<\/p>\n<p>&#8211; 2023 Sept. \u2013 2024 Jan.: Erich participates in a group exhibition at Konsthallen Ravinen, \u201eKONSTGRAFIK \u2013 ur Atelje Larsens samling\u201c, B\u00e5stad, Sweden<\/p>\n<p>&#8211; 2023 June: The photobook \u201eto be a man\u201c is published by the publisher DCV, Berlin, in german and english translation, with Erichs photos about the role of men in today&#8217;s society.  Curator: Ewa J\u00f6nsson H\u00f6rtnagl, Text: Regina Hilber, Alois Sch\u00f6pf<\/p>\n<p>&#8211; Tarik Saleh\u00b4s feature film Boy from heaven, with Erich as Production Executive for Filmfinances<br \/>\nScandinavia, has got the critics award and the award for best screenplay at Cannes 2022 and is nominated for Swedens Oscar contribution 2023.<\/p>\n<p>&#8211; 2022 september:  Public secrecies (new edition) invited to shortfilmfestivalen Pillusion, Tyrol,<br \/>\nAustria<\/p>\n<p>&#8211; 2022 september:  Erich participates with new photoworks at Vienna Art Fair, Austria<\/p>\n<p>&#8211; 2022 juli-augusti: Erich participates in a group exhibition at Kunstverket, Oslo, Norway<\/p>\n<p>&#8211; 2021 Public secrecies (new edition) participates in 3 shortfilmfestivals: Berlin, Goa and \u2013 with a<br \/>\n  honorable mention \u2013 at Corti di Mare in Modica-Ragusa, Sicily.<\/p>\n<p>&#8211; 2021 september: Erich exhibits in the \u00d6rkelljunga Art Society, Sweden<\/p>\n<p>&#8211; 2021 april &#8211; maj: Erich participates in the group exhibition in \u00c5lesund\u00b4s Art Hall \u201eAlnes fyr\u201c, Norway<\/p>\n<p>&#8211; 2021 april &#8211; maj: Erich participates in the group exhibition \u201eKullasalongen 2021\u201c in the Krapperup Art Hall, H\u00f6gan\u00e4s, Sweden<\/p>\n<p>&#8211; 2020 Erich participates in the group exhibition \u201eUnder stor press\u201c in the Art Hall Pumphuset, Borstahusen, Sweden<\/p>\n<p>&#8211; 2020 Erich exhibits New Photo Works in the Gallery \u201eGamla Staden\u201c in Landskrona, Sweden<\/p>\n<p>&#8211; 2019-20 Erich is Co-Producer in the swedish-danish-italian feature film \u201eTigers\u201c for Black Spark Film AB (director: Ronnie Sandahl).<\/p>\n<p>&#8211; 2019 January: Erich participate with Gallery \u201eArtdepot\u201c in the Artfair ART Innsbruck, Austria.<\/p>\n<p>&#8211; 2019 May: The book \u201eSehnsucht Meer\u201c is published by the publisher Raetia, Bolzano, in german and italian translation. Photos: Erich H\u00f6rtnagl, Art director: Ewa J\u00f6nsson H\u00f6rtnagl, Text: Alois Sch\u00f6pf.<\/p>\n<p>&#8211; 2019 June: Erich exhibits foto from the book \u201eSehnsucht Meer\u201c on IAT (Centro Turismo) in Jesolo, Italy.<\/p>\n<p>&#8211; 2019 September: Erich exhibits foto from the book \u201eSehnsucht Meer\u201c in the Gallery \u201eArtdepot\u201c in Innsbruck, Austria.<\/p>\n<p>&#8211; 2019 Oktober &#8211; November: Erich exhibits in the Gallery \u201eGamla Staden\u201c in Landskrona, Sweden.<\/p>\n<table style=\"height: 49px;\" width=\"100%\">\n<tbody>\n<tr>\n<td>&gt;&gt;\u00a0<a href=\"https:\/\/www.chiaroscuro.se\/en\/erich-hortnagl-2\/\">Back<\/a><\/td>\n<td style=\"text-align: right;\">&gt;&gt; <a href=\"https:\/\/www.chiaroscuro.se\/en\/erich-hortnagl-2\/at-the-moment\/\">Next page<\/a><\/td>\n<\/tr>\n<\/tbody>\n<\/table>\n","protected":false},"excerpt":{"rendered":"&#8211; 2026 Nov.-Jan27 Erich\u00b4s photo exhibition at Gallery Bretze, Hall in Tyrol, Austria &#8211; 2026 Aug.-Sept. Erich\u00b4s photo exhibition at Gallery Bob Photo in Stockholm, Sweden &#8211; 2026 May: Erich\u00b4s single exhibition at Gallery Artportable, Karlav\u00e4gen 15, Stockholm, Sweden &#8211; 2026 April-July Erich participate in a group exhibition at \u201dWipptalherz\u201d, Matrei\/Br. Austria &#8211; 2026 March&#8230; <a class=\"view-article\" href=\"https:\/\/www.chiaroscuro.se\/en\/erich-hortnagl-2\/at-the-moment-2\/\">View Article<\/a>","protected":false},"author":1,"featured_media":0,"parent":639,"menu_order":0,"comment_status":"open","ping_status":"open","template":"","meta":{"footnotes":""},"class_list":["post-643","page","type-page","status-publish","hentry"],"_links":{"self":[{"href":"https:\/\/www.chiaroscuro.se\/en\/wp-json\/wp\/v2\/pages\/643","targetHints":{"allow":["GET"]}}],"collection":[{"href":"https:\/\/www.chiaroscuro.se\/en\/wp-json\/wp\/v2\/pages"}],"about":[{"href":"https:\/\/www.chiaroscuro.se\/en\/wp-json\/wp\/v2\/types\/page"}],"author":[{"embeddable":true,"href":"https:\/\/www.chiaroscuro.se\/en\/wp-json\/wp\/v2\/users\/1"}],"replies":[{"embeddable":true,"href":"https:\/\/www.chiaroscuro.se\/en\/wp-json\/wp\/v2\/comments?post=643"}],"version-history":[{"count":11,"href":"https:\/\/www.chiaroscuro.se\/en\/wp-json\/wp\/v2\/pages\/643\/revisions"}],"predecessor-version":[{"id":1612,"href":"https:\/\/www.chiaroscuro.se\/en\/wp-json\/wp\/v2\/pages\/643\/revisions\/1612"}],"up":[{"embeddable":true,"href":"https:\/\/www.chiaroscuro.se\/en\/wp-json\/wp\/v2\/pages\/639"}],"wp:attachment":[{"href":"https:\/\/www.chiaroscuro.se\/en\/wp-json\/wp\/v2\/media?parent=643"}],"curies":[{"name":"wp","href":"https:\/\/api.w.org\/{rel}","templated":true}]}}